{"id":319,"date":"2021-09-02T06:54:30","date_gmt":"2021-09-02T06:54:30","guid":{"rendered":"http:\/\/collageroyal.test\/?page_id=319"},"modified":"2024-03-15T13:14:57","modified_gmt":"2024-03-15T13:14:57","slug":"les-actualites","status":"publish","type":"page","link":"https:\/\/www.collegeroyal-thirongardais.com\/en\/les-actualites\/","title":{"rendered":"The News"},"content":{"rendered":"<section id=\"textSection-block_6130750b0e915\" class=\"textSection bg-white relative w-full\" >\n\n  <div class=\"container w-full py-8 lg:py-12 m-auto h-fit \" >\n\n      \n        \n    <div class=\" grid leading-loose sm:grid-cols-1 grid-cols-1 gap-6 sm:gap-12 lg:gap-16 text-13px sm:text-12px  lg:text-16px\" data-aos=\"fade-up\"  data-aos-anchor-placement=\"top-bottom\" data-aos-duration=\"1500\">\n            \n      \n    <\/div>\n\n        \n    \n\n  <\/div>\n\n  <div id=\"modal-video\" class=\"fixed top-0 left-0 z-50 hidden w-full h-screen bg-black bg-opacity-80\">\n    <div class=\"flex flex-col items-center justify-center h-screen text-white \">\n\n      <div class=\"absolute top-5 right-8 hover:cursor-pointer\" id=\"close-modal\">\n        <svg enable-background=\"new 0 0 512.001 512.001\" fill=\"#fff\" style=\"width:25px\" version=\"1.1\"\n          viewBox=\"0 0 512 512\" xml:space=\"preserve\" xmlns=\"http:\/\/www.w3.org\/2000\/svg\">\n          <path\n            d=\"m284.29 256 221.86-221.86c7.811-7.811 7.811-20.475 0-28.285s-20.475-7.811-28.285 0l-221.86 221.86-221.86-221.86c-7.811-7.811-20.475-7.811-28.285 0s-7.811 20.475 0 28.285l221.86 221.86-221.86 221.86c-7.811 7.811-7.811 20.475 0 28.285 3.905 3.905 9.024 5.857 14.143 5.857s10.237-1.952 14.143-5.857l221.86-221.86 221.86 221.86c3.905 3.905 9.024 5.857 14.143 5.857s10.237-1.952 14.143-5.857c7.811-7.811 7.811-20.475 0-28.285l-221.86-221.86z\" \/>\n        <\/svg>\n      <\/div>\n\n        <div class=\"embed-container\">\n          <iframe class=\"embed-responsive-item\" id=\"ytplayer\" type=\"text\/html\" src=\"\" frameborder=\"0\" allowfullscreen><\/iframe>\n          \n        <\/div>\n\n    <\/div>\n  <\/div>\n<\/section>\n\n\n<script>\n  window.addEventListener(\"load\", function () {\n    let main_navigation = document.querySelector(\"#modal-video\");\n    if (jQuery('#video-button').length){\n      document\n      .querySelector(\"#video-button\")\n      .addEventListener(\"click\", function (e) {\n        e.preventDefault();\n        main_navigation.classList.toggle(\"hidden\");\n      });\n    }\n\n    if (jQuery('#close-modal').length){\n      document\n      .querySelector(\"#close-modal\")\n      .addEventListener(\"click\", function (e) {\n        e.preventDefault();\n        main_navigation.classList.toggle(\"hidden\");\n\n        jQuery(\"#modal-video iframe\").attr(\"src\", jQuery(\"#modal-video iframe\").attr(\"src\"));\n      });\n\n\n    }\n\n    \n  });\n<\/script><section id=\"blogSection-block_61307c4320bc0\" class=\"blogSection bg-light relative w-full\" data-aos=\"fade-up\">\n\n  <div class=\"max1440 py-8 lg:py-12 m-auto h-fit \">\n\n          <div class=\"py-3 text-center text-20px sm:text-18px lg:text-28px font-heading\" data-aos=\"fade-up\"  data-aos-delay=\"200\" data-aos-anchor-placement=\"top-bottom\" data-aos-duration=\"1500\">\n        <p style=\"text-align: center;\">Follow us on social networks.<\/p>\n        <hr class=\"w-8 m-auto my-3 lg:my-6 border-dark\">\n      <\/div>\n    \n    \n    <div class=\"container m-auto\" data-aos=\"fade-up\">\n      \r\n<div id=\"sb_instagram\" class=\"sbi  sbi_mob_col_auto sbi_col_3  sbi_width_resp\" style=\"padding-bottom: 28px;width: 100%;\" data-feedid=\"sbi_17841404207411175#3\" data-res=\"auto\" data-cols=\"3\" data-colsmobile=\"auto\" data-num=\"3\" data-nummobile=\"\" data-shortcode-atts=\"{}\"  data-postid=\"319\" data-options=\"{&quot;grid&quot;:true,&quot;avatars&quot;:{&quot;collegeroyal_thirongardais&quot;:&quot;&quot;,&quot;LCLcollegeroyal_thirongardais&quot;:0},&quot;lightboxcomments&quot;:20,&quot;colsmobile&quot;:&quot;auto&quot;,&quot;captionsize&quot;:16,&quot;captionlength&quot;:50}\" data-sbi-flags=\"favorLocal,gdpr\">\r\n\t\r\n    <div id=\"sbi_images\" style=\"padding: 14px;\">\r\n\t\t<div class=\"sbi_item sbi_type_video sbi_new sbi_transition\" id=\"sbi_17939800649227361\" data-date=\"1664365910\" data-numcomments=\"0\">\r\n    <div class=\"sbi_photo_wrap \">\r\n\t    \t    <svg style=\"color: rgba(255,255,255,1)\" class=\"svg-inline--fa fa-play fa-w-14 sbi_playbtn\" aria-label=\"Play\" aria-hidden=\"true\" data-fa-processed=\"\" data-prefix=\"fa\" data-icon=\"play\" role=\"presentation\" xmlns=\"http:\/\/www.w3.org\/2000\/svg\" viewBox=\"0 0 448 512\"><path fill=\"currentColor\" d=\"M424.4 214.7L72.4 6.6C43.8-10.3 0 6.1 0 47.9V464c0 37.5 40.7 60.1 72.4 41.3l352-208c31.4-18.5 31.5-64.1 0-82.6z\"><\/path><\/svg>        <div class=\"sbi_link\" >\r\n            <div class=\"sbi_hover_top\">\r\n\t                            <p class=\"sbi_username\">\r\n                    <a href=\"https:\/\/www.instagram.com\/collegeroyal_thirongardais\/\" target=\"_blank\" rel=\"nofollow noopener\" style=\"color: rgba(255,255,255,1)\">collegeroyal_thirongardais<\/a>\r\n                <\/p>\r\n\t            \t                            <p class=\"sbi_caption\" style=\"color: rgba(255,255,255,1)\">\ud83d\udcab   LE   CLICK   &amp;   COLLECT,   c&#039;est   tout  &#8230;<\/p>\r\n\t                        <\/div>\r\n\t                    <a class=\"sbi_instagram_link\" href=\"https:\/\/www.instagram.com\/reel\/CjDJ4PnKmOz\/\" target=\"_blank\" rel=\"nofollow noopener\" title=\"Instagram\" style=\"color: rgba(255,255,255,1)\">\r\n                <span class=\"sbi-screenreader\">View<\/span>\r\n\t\t\t\t<svg class=\"svg-inline--fa fa-instagram fa-w-14\" aria-hidden=\"true\" data-fa-processed=\"\" aria-label=\"Instagram\" data-prefix=\"fab\" data-icon=\"instagram\" role=\"img\" viewBox=\"0 0 448 512\">\r\n\t                <path fill=\"currentColor\" d=\"M224.1 141c-63.6 0-114.9 51.3-114.9 114.9s51.3 114.9 114.9 114.9S339 319.5 339 255.9 287.7 141 224.1 141zm0 189.6c-41.1 0-74.7-33.5-74.7-74.7s33.5-74.7 74.7-74.7 74.7 33.5 74.7 74.7-33.6 74.7-74.7 74.7zm146.4-194.3c0 14.9-12 26.8-26.8 26.8-14.9 0-26.8-12-26.8-26.8s12-26.8 26.8-26.8 26.8 12 26.8 26.8zm76.1 27.2c-1.7-35.9-9.9-67.7-36.2-93.9-26.2-26.2-58-34.4-93.9-36.2-37-2.1-147.9-2.1-184.9 0-35.8 1.7-67.6 9.9-93.9 36.1s-34.4 58-36.2 93.9c-2.1 37-2.1 147.9 0 184.9 1.7 35.9 9.9 67.7 36.2 93.9s58 34.4 93.9 36.2c37 2.1 147.9 2.1 184.9 0 35.9-1.7 67.7-9.9 93.9-36.2 26.2-26.2 34.4-58 36.2-93.9 2.1-37 2.1-147.8 0-184.8zM398.8 388c-7.8 19.6-22.9 34.7-42.6 42.6-29.5 11.7-99.5 9-132.1 9s-102.7 2.6-132.1-9c-19.6-7.8-34.7-22.9-42.6-42.6-11.7-29.5-9-99.5-9-132.1s-2.6-102.7 9-132.1c7.8-19.6 22.9-34.7 42.6-42.6 29.5-11.7 99.5-9 132.1-9s102.7-2.6 132.1 9c19.6 7.8 34.7 22.9 42.6 42.6 11.7 29.5 9 99.5 9 132.1s2.7 102.7-9 132.1z\"><\/path>\r\n\t            <\/svg>            <\/a>\r\n\t                    <div class=\"sbi_hover_bottom\" style=\"color: rgba(255,255,255,1)\">\r\n\t                            <p>\r\n\t                                    <span class=\"sbi_date\">\r\n                        <svg  class=\"svg-inline--fa fa-clock fa-w-16\" aria-hidden=\"true\" data-fa-processed=\"\" data-prefix=\"far\" data-icon=\"clock\" role=\"presentation\" xmlns=\"http:\/\/www.w3.org\/2000\/svg\" viewBox=\"0 0 512 512\"><path fill=\"currentColor\" d=\"M256 8C119 8 8 119 8 256s111 248 248 248 248-111 248-248S393 8 256 8zm0 448c-110.5 0-200-89.5-200-200S145.5 56 256 56s200 89.5 200 200-89.5 200-200 200zm61.8-104.4l-84.9-61.7c-3.1-2.3-4.9-5.9-4.9-9.7V116c0-6.6 5.4-12 12-12h32c6.6 0 12 5.4 12 12v141.7l66.8 48.6c5.4 3.9 6.5 11.4 2.6 16.8L334.6 349c-3.9 5.3-11.4 6.5-16.8 2.6z\"><\/path><\/svg>                        Sep 28<\/span>\r\n\t                \r\n\t                                <\/p>\r\n\t                                        <\/div>\r\n            <a class=\"sbi_link_area nofancybox\" href=\"https:\/\/scontent-frt3-1.cdninstagram.com\/v\/t51.29350-15\/309049888_5328203507275380_7616453081700585835_n.jpg?_nc_cat=108&#038;ccb=1-7&#038;_nc_sid=8ae9d6&#038;_nc_ohc=RGgVXJAaoLwAX_cOBY-&#038;_nc_ht=scontent-frt3-1.cdninstagram.com&#038;edm=ANo9K5cEAAAA&#038;oh=00_AT-__BafaRcT1IVPbuDhP_xuaYCEeIbGm_ZT7zMKDxB5bQ&#038;oe=6352ED6C\" rel=\"nofollow noopener\" data-lightbox-sbi=\"\" data-title=\"\ud83d\udcab LE CLICK &amp; COLLECT, c&#039;est tout simple ! &lt;br&gt;\n&lt;br&gt;\nBien que la saison soit termin\u00e9e pour le @collegeroyal_thirongardais le Click &amp; Collect de la gamme @collegeroyal_lamarque est toujours possible sur l&#039;e-shop www.eshop-collegeroyal.fr !&lt;br&gt;\n&lt;br&gt;\n\u27a1\ufe0f Comment \u00e7a marche ? &lt;br&gt;\n\u2022 Vous s\u00e9lectionnez l&#039;option Click&amp;Collect lors de votre achat&lt;br&gt;\n\u2022 Nous prenons RDV par mail&lt;br&gt;\n\u2022 Vous r\u00e9cup\u00e9rez votre commande sur place, \u00e0 Thiron-Gardais !&lt;br&gt;\n&lt;br&gt;\n\ud83d\ude01 Eh oui, c&#039;est tout simple ! &lt;br&gt;\n&lt;br&gt;\n#collegeroyal #collegeroyalthirongardais #bougie #bougieartisanale #faitenfrance #artisanal #artisanatfrancais #cozyhome #madeinfrance #candlelove #decoration #homesweethome #frenchmade #loirevalley #leperche #perche #eureetloir #centrevaldeloire #pnrperche #monumenthistorique #demeurehistorique #StephaneBern #st\u00e9phanebern #chateauxdelaloire #patrimoine #histoire #culture #museumshop&lt;br&gt;\nCr\u00e9dits vid\u00e9os : @picturesofpo et Marie H\u00e9nocq\" data-video=\"https:\/\/video-frx5-1.cdninstagram.com\/v\/t50.33967-16\/10000000_849770092696997_3135344941845657251_n.mp4?_nc_cat=105&amp;vs=1178559469411531_3751379972&amp;_nc_vs=HBksFQAYJEdJQ1dtQUNsRllTRTNBUURBS00yQl9PY180SXJicV9FQUFBRhUAAsgBABUAGCRHREM5YmhLV3NEOHNaY2tCQU5WcVNvUGxBWFZ1YnFfRUFBQUYVAgLIAQAoABgAGwGIB3VzZV9vaWwBMRUAACa%2Bv7369NzhPxUCKAJDMywXQDwY1P3ztkYYEmRhc2hfYmFzZWxpbmVfMV92MREAdQAA&amp;ccb=1-7&amp;_nc_sid=59939d&amp;efg=eyJ2ZW5jb2RlX3RhZyI6InZ0c192b2RfdXJsZ2VuLjcyMC5jbGlwcyJ9&amp;_nc_ohc=qtpWFuZpfBcAX_ii3X2&amp;_nc_oc=AQmHLzbbzZzDp16YBBcS1p2wL3G4hC99-TnX0WvwrDsfib79108Yt2rhQwQ9g7cRxQ8&amp;_nc_ht=video-frx5-1.cdninstagram.com&amp;edm=ANo9K5cEAAAA&amp;oh=00_AT_1iLXu6feKvURwhNNBcOmheAGXw-jZOv10KvlRjQlEVA&amp;oe=634F38D0&amp;_nc_rid=3e079b0900\" data-carousel=\"\" data-id=\"sbi_17939800649227361\" data-user=\"collegeroyal_thirongardais\" data-url=\"https:\/\/www.instagram.com\/reel\/CjDJ4PnKmOz\/\" data-avatar=\"\" data-account-type=\"business\">\r\n                <span class=\"sbi-screenreader\">Open<\/span>\r\n\t\t\t\t<svg style=\"color: rgba(255,255,255,1)\" class=\"svg-inline--fa fa-play fa-w-14 sbi_playbtn\" aria-label=\"Play\" aria-hidden=\"true\" data-fa-processed=\"\" data-prefix=\"fa\" data-icon=\"play\" role=\"presentation\" xmlns=\"http:\/\/www.w3.org\/2000\/svg\" viewBox=\"0 0 448 512\"><path fill=\"currentColor\" d=\"M424.4 214.7L72.4 6.6C43.8-10.3 0 6.1 0 47.9V464c0 37.5 40.7 60.1 72.4 41.3l352-208c31.4-18.5 31.5-64.1 0-82.6z\"><\/path><\/svg>            <\/a>\r\n        <\/div>\r\n\r\n        <a class=\"sbi_photo\" href=\"https:\/\/www.instagram.com\/reel\/CjDJ4PnKmOz\/\" target=\"_blank\" rel=\"nofollow noopener\" data-full-res=\"https:\/\/scontent-frt3-1.cdninstagram.com\/v\/t51.29350-15\/309049888_5328203507275380_7616453081700585835_n.jpg?_nc_cat=108&#038;ccb=1-7&#038;_nc_sid=8ae9d6&#038;_nc_ohc=RGgVXJAaoLwAX_cOBY-&#038;_nc_ht=scontent-frt3-1.cdninstagram.com&#038;edm=ANo9K5cEAAAA&#038;oh=00_AT-__BafaRcT1IVPbuDhP_xuaYCEeIbGm_ZT7zMKDxB5bQ&#038;oe=6352ED6C\" data-img-src-set=\"{&quot;d&quot;:&quot;https:\\\/\\\/scontent-frt3-1.cdninstagram.com\\\/v\\\/t51.29350-15\\\/309049888_5328203507275380_7616453081700585835_n.jpg?_nc_cat=108&amp;ccb=1-7&amp;_nc_sid=8ae9d6&amp;_nc_ohc=RGgVXJAaoLwAX_cOBY-&amp;_nc_ht=scontent-frt3-1.cdninstagram.com&amp;edm=ANo9K5cEAAAA&amp;oh=00_AT-__BafaRcT1IVPbuDhP_xuaYCEeIbGm_ZT7zMKDxB5bQ&amp;oe=6352ED6C&quot;,&quot;150&quot;:&quot;https:\\\/\\\/scontent-frt3-1.cdninstagram.com\\\/v\\\/t51.29350-15\\\/309049888_5328203507275380_7616453081700585835_n.jpg?_nc_cat=108&amp;ccb=1-7&amp;_nc_sid=8ae9d6&amp;_nc_ohc=RGgVXJAaoLwAX_cOBY-&amp;_nc_ht=scontent-frt3-1.cdninstagram.com&amp;edm=ANo9K5cEAAAA&amp;oh=00_AT-__BafaRcT1IVPbuDhP_xuaYCEeIbGm_ZT7zMKDxB5bQ&amp;oe=6352ED6C&quot;,&quot;320&quot;:&quot;https:\\\/\\\/scontent-frt3-1.cdninstagram.com\\\/v\\\/t51.29350-15\\\/309049888_5328203507275380_7616453081700585835_n.jpg?_nc_cat=108&amp;ccb=1-7&amp;_nc_sid=8ae9d6&amp;_nc_ohc=RGgVXJAaoLwAX_cOBY-&amp;_nc_ht=scontent-frt3-1.cdninstagram.com&amp;edm=ANo9K5cEAAAA&amp;oh=00_AT-__BafaRcT1IVPbuDhP_xuaYCEeIbGm_ZT7zMKDxB5bQ&amp;oe=6352ED6C&quot;,&quot;640&quot;:&quot;https:\\\/\\\/scontent-frt3-1.cdninstagram.com\\\/v\\\/t51.29350-15\\\/309049888_5328203507275380_7616453081700585835_n.jpg?_nc_cat=108&amp;ccb=1-7&amp;_nc_sid=8ae9d6&amp;_nc_ohc=RGgVXJAaoLwAX_cOBY-&amp;_nc_ht=scontent-frt3-1.cdninstagram.com&amp;edm=ANo9K5cEAAAA&amp;oh=00_AT-__BafaRcT1IVPbuDhP_xuaYCEeIbGm_ZT7zMKDxB5bQ&amp;oe=6352ED6C&quot;}\">\r\n            <img src=\"https:\/\/www.collegeroyal-thirongardais.com\/wp-content\/plugins\/instagram-feed-pro\/img\/placeholder.png\" alt=\"\ud83d\udcab LE CLICK &amp; COLLECT, c&#039;est tout simple ! \n\nBien que la saison soit termin\u00e9e pour le @collegeroyal_thirongardais le Click &amp; Collect de la gamme @collegeroyal_lamarque est toujours possible sur l&#039;e-shop www.eshop-collegeroyal.fr !\n\n\u27a1\ufe0f Comment \u00e7a marche ? \n\u2022 Vous s\u00e9lectionnez l&#039;option Click&amp;Collect lors de votre achat\n\u2022 Nous prenons RDV par mail\n\u2022 Vous r\u00e9cup\u00e9rez votre commande sur place, \u00e0 Thiron-Gardais !\n\n\ud83d\ude01 Eh oui, c&#039;est tout simple ! \n\n#collegeroyal #collegeroyalthirongardais #bougie #bougieartisanale #faitenfrance #artisanal #artisanatfrancais #cozyhome #madeinfrance #candlelove #decoration #homesweethome #frenchmade #loirevalley #leperche #perche #eureetloir #centrevaldeloire #pnrperche #monumenthistorique #demeurehistorique #StephaneBern #st\u00e9phanebern #chateauxdelaloire #patrimoine #histoire #culture #museumshop\nCr\u00e9dits vid\u00e9os : @picturesofpo et Marie H\u00e9nocq\">\r\n        <\/a>\r\n    <\/div>\r\n\r\n    <div class=\"sbi_info\">\r\n        \r\n                <p class=\"sbi_caption_wrap\">\r\n            <span class=\"username-cst\">collegeroyal_thirongardais<\/span>\r\n            <span class=\"sbi_caption\">\ud83d\udcab LE CLICK &amp; COLLECT, c&#039;est tout simple ! <br>\n<br>\nBien que la saison soit termin\u00e9e pour le @collegeroyal_thirongardais le Click &amp; Collect de la gamme @collegeroyal_lamarque est toujours possible sur l&#039;e-shop www.eshop-collegeroyal.fr !<br>\n<br>\n\u27a1\ufe0f Comment \u00e7a marche ? <br>\n\u2022 Vous s\u00e9lectionnez l&#039;option Click&amp;Collect lors de votre achat<br>\n\u2022 Nous prenons RDV par mail<br>\n\u2022 Vous r\u00e9cup\u00e9rez votre commande sur place, \u00e0 Thiron-Gardais !<br>\n<br>\n\ud83d\ude01 Eh oui, c&#039;est tout simple ! <br>\n<br>\n#collegeroyal #collegeroyalthirongardais #bougie #bougieartisanale #faitenfrance #artisanal #artisanatfrancais #cozyhome #madeinfrance #candlelove #decoration #homesweethome #frenchmade #loirevalley #leperche #perche #eureetloir #centrevaldeloire #pnrperche #monumenthistorique #demeurehistorique #StephaneBern #st\u00e9phanebern #chateauxdelaloire #patrimoine #histoire #culture #museumshop<br>\nCr\u00e9dits vid\u00e9os : @picturesofpo et Marie H\u00e9nocq<\/span><span class=\"sbi_expand\"> <a href=\"#\"><span class=\"sbi_more\">&#8230;<\/span><\/a><\/span>\r\n        <\/p>\r\n        \r\n        <p class=\"foot-date\">\r\n            <span class=\"dt\">Sep 28<\/span>\r\n            <!-- <span>0<\/span> -->\r\n        <\/p>\r\n\r\n\r\n\t    \r\n    <\/div>\r\n\r\n<\/div><div class=\"sbi_item sbi_type_image sbi_new sbi_transition\" id=\"sbi_17964165796915271\" data-date=\"1664204738\" data-numcomments=\"0\">\r\n    <div class=\"sbi_photo_wrap \">\r\n\t    \t            <div class=\"sbi_link\" >\r\n            <div class=\"sbi_hover_top\">\r\n\t                            <p class=\"sbi_username\">\r\n                    <a href=\"https:\/\/www.instagram.com\/collegeroyal_thirongardais\/\" target=\"_blank\" rel=\"nofollow noopener\" style=\"color: rgba(255,255,255,1)\">collegeroyal_thirongardais<\/a>\r\n                <\/p>\r\n\t            \t                            <p class=\"sbi_caption\" style=\"color: rgba(255,255,255,1)\">\ud83d\udce3\ud83c\udf89   Clap   de   fin   de   la   saison   2022   du   Coll\u00e8ge&#8230;<\/p>\r\n\t                        <\/div>\r\n\t                    <a class=\"sbi_instagram_link\" href=\"https:\/\/www.instagram.com\/p\/Ci-W3w-qhZS\/\" target=\"_blank\" rel=\"nofollow noopener\" title=\"Instagram\" style=\"color: rgba(255,255,255,1)\">\r\n                <span class=\"sbi-screenreader\">View<\/span>\r\n\t\t\t\t<svg class=\"svg-inline--fa fa-instagram fa-w-14\" aria-hidden=\"true\" data-fa-processed=\"\" aria-label=\"Instagram\" data-prefix=\"fab\" data-icon=\"instagram\" role=\"img\" viewBox=\"0 0 448 512\">\r\n\t                <path fill=\"currentColor\" d=\"M224.1 141c-63.6 0-114.9 51.3-114.9 114.9s51.3 114.9 114.9 114.9S339 319.5 339 255.9 287.7 141 224.1 141zm0 189.6c-41.1 0-74.7-33.5-74.7-74.7s33.5-74.7 74.7-74.7 74.7 33.5 74.7 74.7-33.6 74.7-74.7 74.7zm146.4-194.3c0 14.9-12 26.8-26.8 26.8-14.9 0-26.8-12-26.8-26.8s12-26.8 26.8-26.8 26.8 12 26.8 26.8zm76.1 27.2c-1.7-35.9-9.9-67.7-36.2-93.9-26.2-26.2-58-34.4-93.9-36.2-37-2.1-147.9-2.1-184.9 0-35.8 1.7-67.6 9.9-93.9 36.1s-34.4 58-36.2 93.9c-2.1 37-2.1 147.9 0 184.9 1.7 35.9 9.9 67.7 36.2 93.9s58 34.4 93.9 36.2c37 2.1 147.9 2.1 184.9 0 35.9-1.7 67.7-9.9 93.9-36.2 26.2-26.2 34.4-58 36.2-93.9 2.1-37 2.1-147.8 0-184.8zM398.8 388c-7.8 19.6-22.9 34.7-42.6 42.6-29.5 11.7-99.5 9-132.1 9s-102.7 2.6-132.1-9c-19.6-7.8-34.7-22.9-42.6-42.6-11.7-29.5-9-99.5-9-132.1s-2.6-102.7 9-132.1c7.8-19.6 22.9-34.7 42.6-42.6 29.5-11.7 99.5-9 132.1-9s102.7-2.6 132.1 9c19.6 7.8 34.7 22.9 42.6 42.6 11.7 29.5 9 99.5 9 132.1s2.7 102.7-9 132.1z\"><\/path>\r\n\t            <\/svg>            <\/a>\r\n\t                    <div class=\"sbi_hover_bottom\" style=\"color: rgba(255,255,255,1)\">\r\n\t                            <p>\r\n\t                                    <span class=\"sbi_date\">\r\n                        <svg  class=\"svg-inline--fa fa-clock fa-w-16\" aria-hidden=\"true\" data-fa-processed=\"\" data-prefix=\"far\" data-icon=\"clock\" role=\"presentation\" xmlns=\"http:\/\/www.w3.org\/2000\/svg\" viewBox=\"0 0 512 512\"><path fill=\"currentColor\" d=\"M256 8C119 8 8 119 8 256s111 248 248 248 248-111 248-248S393 8 256 8zm0 448c-110.5 0-200-89.5-200-200S145.5 56 256 56s200 89.5 200 200-89.5 200-200 200zm61.8-104.4l-84.9-61.7c-3.1-2.3-4.9-5.9-4.9-9.7V116c0-6.6 5.4-12 12-12h32c6.6 0 12 5.4 12 12v141.7l66.8 48.6c5.4 3.9 6.5 11.4 2.6 16.8L334.6 349c-3.9 5.3-11.4 6.5-16.8 2.6z\"><\/path><\/svg>                        Sep 26<\/span>\r\n\t                \r\n\t                                <\/p>\r\n\t                                        <\/div>\r\n            <a class=\"sbi_link_area nofancybox\" href=\"https:\/\/scontent-frt3-1.cdninstagram.com\/v\/t51.29350-15\/308676608_127152599914247_7859855016014248665_n.webp?stp=dst-jpg&#038;_nc_cat=108&#038;ccb=1-7&#038;_nc_sid=8ae9d6&#038;_nc_ohc=QW-I4dJGQbIAX8LlyEx&#038;_nc_ht=scontent-frt3-1.cdninstagram.com&#038;edm=ANo9K5cEAAAA&#038;oh=00_AT_OBd5WWgix2nGhvYPUMuwnBZ9GmSOBNYzz6I21B06rmA&#038;oe=6353A554\" rel=\"nofollow noopener\" data-lightbox-sbi=\"\" data-title=\"\ud83d\udce3\ud83c\udf89 Clap de fin de la saison 2022 du Coll\u00e8ge royal et militaire de Thiron-Gardais, et quelle saison ! &lt;br&gt;\n&lt;br&gt;\n\ud83d\ude4b\u200d\u2642\ufe0f Vous avez \u00e9t\u00e9 plus de 11000 \u00e0 venir nous rendre visite et \u00e0 prendre part \u00e0 nos nombreux \u00e9v\u00e9nements et nouveaut\u00e9s de l&#039;ann\u00e9e : F\u00eate des Jardins, Nuits Cont\u00e9es, Pique-niques, Ateliers jardinage, Journ\u00e9es Europ\u00e9ennes du Patrimoine, ... un grand merci pour votre engagement pour faire vivre le patrimoine ! &lt;br&gt;\n&lt;br&gt;\n\ud83c\udf40 Le saviez-vous ? Les visites guid\u00e9es de groupes restent possibles toute l&#039;ann\u00e9e. Plus de 60 visites guid\u00e9es vous ont d\u00e9j\u00e0 \u00e9t\u00e9 cont\u00e9es avec passion par notre \u00e9quipe cette ann\u00e9e. Reservez la v\u00f4tre par mail \u00e0 contact@collegeroyal-thirongardais.com &lt;br&gt;\n&lt;br&gt;\n\u23f3 Nous vous donnons rendez-vous en mai prochain pour l&#039;ouverture de la saison culturelle 2023, restez connect\u00e9s pour en savoir plus ! &lt;br&gt;\n&lt;br&gt;\n\ud83c\udf81 En attendant, RDV sur www.eshop-collegeroyal.fr pour retrouver toute la gamme @collegeroyal_lamarque imagin\u00e9e par @stephane.bern.officiel !&lt;br&gt;\n&lt;br&gt;\nMerci \u00e0 tous et \u00e0 tr\u00e8s vite, &lt;br&gt;\nL&#039;\u00e9quipe du Coll\u00e8ge &lt;br&gt;\n&lt;br&gt;\n#thirongardais #eureetloir #decouvrethiron #quefaireathiron #leperche #regioncentrevaldeloire #pnrperche #centrevaldeloire #saisonculturelle2022 #culture #patrimoine #loirevalley #chateauxdelaloire #associationchateauxdelaloire #monumenthistorique #demeurehistorique\" data-video=\"\" data-carousel=\"\" data-id=\"sbi_17964165796915271\" data-user=\"collegeroyal_thirongardais\" data-url=\"https:\/\/www.instagram.com\/p\/Ci-W3w-qhZS\/\" data-avatar=\"\" data-account-type=\"business\">\r\n                <span class=\"sbi-screenreader\">Open<\/span>\r\n\t\t\t\t            <\/a>\r\n        <\/div>\r\n\r\n        <a class=\"sbi_photo\" href=\"https:\/\/www.instagram.com\/p\/Ci-W3w-qhZS\/\" target=\"_blank\" rel=\"nofollow noopener\" data-full-res=\"https:\/\/scontent-frt3-1.cdninstagram.com\/v\/t51.29350-15\/308676608_127152599914247_7859855016014248665_n.webp?stp=dst-jpg&#038;_nc_cat=108&#038;ccb=1-7&#038;_nc_sid=8ae9d6&#038;_nc_ohc=QW-I4dJGQbIAX8LlyEx&#038;_nc_ht=scontent-frt3-1.cdninstagram.com&#038;edm=ANo9K5cEAAAA&#038;oh=00_AT_OBd5WWgix2nGhvYPUMuwnBZ9GmSOBNYzz6I21B06rmA&#038;oe=6353A554\" data-img-src-set=\"{&quot;d&quot;:&quot;https:\\\/\\\/scontent-frt3-1.cdninstagram.com\\\/v\\\/t51.29350-15\\\/308676608_127152599914247_7859855016014248665_n.webp?stp=dst-jpg&amp;_nc_cat=108&amp;ccb=1-7&amp;_nc_sid=8ae9d6&amp;_nc_ohc=QW-I4dJGQbIAX8LlyEx&amp;_nc_ht=scontent-frt3-1.cdninstagram.com&amp;edm=ANo9K5cEAAAA&amp;oh=00_AT_OBd5WWgix2nGhvYPUMuwnBZ9GmSOBNYzz6I21B06rmA&amp;oe=6353A554&quot;,&quot;150&quot;:&quot;https:\\\/\\\/scontent-frt3-1.cdninstagram.com\\\/v\\\/t51.29350-15\\\/308676608_127152599914247_7859855016014248665_n.webp?stp=dst-jpg&amp;_nc_cat=108&amp;ccb=1-7&amp;_nc_sid=8ae9d6&amp;_nc_ohc=QW-I4dJGQbIAX8LlyEx&amp;_nc_ht=scontent-frt3-1.cdninstagram.com&amp;edm=ANo9K5cEAAAA&amp;oh=00_AT_OBd5WWgix2nGhvYPUMuwnBZ9GmSOBNYzz6I21B06rmA&amp;oe=6353A554&quot;,&quot;320&quot;:&quot;https:\\\/\\\/scontent-frt3-1.cdninstagram.com\\\/v\\\/t51.29350-15\\\/308676608_127152599914247_7859855016014248665_n.webp?stp=dst-jpg&amp;_nc_cat=108&amp;ccb=1-7&amp;_nc_sid=8ae9d6&amp;_nc_ohc=QW-I4dJGQbIAX8LlyEx&amp;_nc_ht=scontent-frt3-1.cdninstagram.com&amp;edm=ANo9K5cEAAAA&amp;oh=00_AT_OBd5WWgix2nGhvYPUMuwnBZ9GmSOBNYzz6I21B06rmA&amp;oe=6353A554&quot;,&quot;640&quot;:&quot;https:\\\/\\\/scontent-frt3-1.cdninstagram.com\\\/v\\\/t51.29350-15\\\/308676608_127152599914247_7859855016014248665_n.webp?stp=dst-jpg&amp;_nc_cat=108&amp;ccb=1-7&amp;_nc_sid=8ae9d6&amp;_nc_ohc=QW-I4dJGQbIAX8LlyEx&amp;_nc_ht=scontent-frt3-1.cdninstagram.com&amp;edm=ANo9K5cEAAAA&amp;oh=00_AT_OBd5WWgix2nGhvYPUMuwnBZ9GmSOBNYzz6I21B06rmA&amp;oe=6353A554&quot;}\">\r\n            <img src=\"https:\/\/www.collegeroyal-thirongardais.com\/wp-content\/plugins\/instagram-feed-pro\/img\/placeholder.png\" alt=\"\ud83d\udce3\ud83c\udf89 Clap de fin de la saison 2022 du Coll\u00e8ge royal et militaire de Thiron-Gardais, et quelle saison ! \n\n\ud83d\ude4b\u200d\u2642\ufe0f Vous avez \u00e9t\u00e9 plus de 11000 \u00e0 venir nous rendre visite et \u00e0 prendre part \u00e0 nos nombreux \u00e9v\u00e9nements et nouveaut\u00e9s de l&#039;ann\u00e9e : F\u00eate des Jardins, Nuits Cont\u00e9es, Pique-niques, Ateliers jardinage, Journ\u00e9es Europ\u00e9ennes du Patrimoine, ... un grand merci pour votre engagement pour faire vivre le patrimoine ! \n\n\ud83c\udf40 Le saviez-vous ? Les visites guid\u00e9es de groupes restent possibles toute l&#039;ann\u00e9e. Plus de 60 visites guid\u00e9es vous ont d\u00e9j\u00e0 \u00e9t\u00e9 cont\u00e9es avec passion par notre \u00e9quipe cette ann\u00e9e. Reservez la v\u00f4tre par mail \u00e0 contact@collegeroyal-thirongardais.com \n\n\u23f3 Nous vous donnons rendez-vous en mai prochain pour l&#039;ouverture de la saison culturelle 2023, restez connect\u00e9s pour en savoir plus ! \n\n\ud83c\udf81 En attendant, RDV sur www.eshop-collegeroyal.fr pour retrouver toute la gamme @collegeroyal_lamarque imagin\u00e9e par @stephane.bern.officiel !\n\nMerci \u00e0 tous et \u00e0 tr\u00e8s vite, \nL&#039;\u00e9quipe du Coll\u00e8ge \n\n#thirongardais #eureetloir #decouvrethiron #quefaireathiron #leperche #regioncentrevaldeloire #pnrperche #centrevaldeloire #saisonculturelle2022 #culture #patrimoine #loirevalley #chateauxdelaloire #associationchateauxdelaloire #monumenthistorique #demeurehistorique\">\r\n        <\/a>\r\n    <\/div>\r\n\r\n    <div class=\"sbi_info\">\r\n        \r\n                <p class=\"sbi_caption_wrap\">\r\n            <span class=\"username-cst\">collegeroyal_thirongardais<\/span>\r\n            <span class=\"sbi_caption\">\ud83d\udce3\ud83c\udf89 Clap de fin de la saison 2022 du Coll\u00e8ge royal et militaire de Thiron-Gardais, et quelle saison ! <br>\n<br>\n\ud83d\ude4b\u200d\u2642\ufe0f Vous avez \u00e9t\u00e9 plus de 11000 \u00e0 venir nous rendre visite et \u00e0 prendre part \u00e0 nos nombreux \u00e9v\u00e9nements et nouveaut\u00e9s de l&#039;ann\u00e9e : F\u00eate des Jardins, Nuits Cont\u00e9es, Pique-niques, Ateliers jardinage, Journ\u00e9es Europ\u00e9ennes du Patrimoine, &#8230; un grand merci pour votre engagement pour faire vivre le patrimoine ! <br>\n<br>\n\ud83c\udf40 Le saviez-vous ? Les visites guid\u00e9es de groupes restent possibles toute l&#039;ann\u00e9e. Plus de 60 visites guid\u00e9es vous ont d\u00e9j\u00e0 \u00e9t\u00e9 cont\u00e9es avec passion par notre \u00e9quipe cette ann\u00e9e. Reservez la v\u00f4tre par mail \u00e0 contact@collegeroyal-thirongardais.com <br>\n<br>\n\u23f3 Nous vous donnons rendez-vous en mai prochain pour l&#039;ouverture de la saison culturelle 2023, restez connect\u00e9s pour en savoir plus ! <br>\n<br>\n\ud83c\udf81 En attendant, RDV sur www.eshop-collegeroyal.fr pour retrouver toute la gamme @collegeroyal_lamarque imagin\u00e9e par @stephane.bern.officiel !<br>\n<br>\nMerci \u00e0 tous et \u00e0 tr\u00e8s vite, <br>\nL&#039;\u00e9quipe du Coll\u00e8ge <br>\n<br>\n#thirongardais #eureetloir #decouvrethiron #quefaireathiron #leperche #regioncentrevaldeloire #pnrperche #centrevaldeloire #saisonculturelle2022 #culture #patrimoine #loirevalley #chateauxdelaloire #associationchateauxdelaloire #monumenthistorique #demeurehistorique<\/span><span class=\"sbi_expand\"> <a href=\"#\"><span class=\"sbi_more\">&#8230;<\/span><\/a><\/span>\r\n        <\/p>\r\n        \r\n        <p class=\"foot-date\">\r\n            <span class=\"dt\">Sep 26<\/span>\r\n            <!-- <span>0<\/span> -->\r\n        <\/p>\r\n\r\n\r\n\t    \r\n    <\/div>\r\n\r\n<\/div><div class=\"sbi_item sbi_type_image sbi_new sbi_transition\" id=\"sbi_18036637357375749\" data-date=\"1664183551\" data-numcomments=\"0\">\r\n    <div class=\"sbi_photo_wrap \">\r\n\t    \t            <div class=\"sbi_link\" >\r\n            <div class=\"sbi_hover_top\">\r\n\t                            <p class=\"sbi_username\">\r\n                    <a href=\"https:\/\/www.instagram.com\/collegeroyal_thirongardais\/\" target=\"_blank\" rel=\"nofollow noopener\" style=\"color: rgba(255,255,255,1)\">collegeroyal_thirongardais<\/a>\r\n                <\/p>\r\n\t            \t                            <p class=\"sbi_caption\" style=\"color: rgba(255,255,255,1)\">\ud83c\udf89   F\u00e9licitations   \u00e0   notre   grand   gagnant   du   jeu  &#8230;<\/p>\r\n\t                        <\/div>\r\n\t                    <a class=\"sbi_instagram_link\" href=\"https:\/\/www.instagram.com\/p\/Ci9uddtKSWJ\/\" target=\"_blank\" rel=\"nofollow noopener\" title=\"Instagram\" style=\"color: rgba(255,255,255,1)\">\r\n                <span class=\"sbi-screenreader\">View<\/span>\r\n\t\t\t\t<svg class=\"svg-inline--fa fa-instagram fa-w-14\" aria-hidden=\"true\" data-fa-processed=\"\" aria-label=\"Instagram\" data-prefix=\"fab\" data-icon=\"instagram\" role=\"img\" viewBox=\"0 0 448 512\">\r\n\t                <path fill=\"currentColor\" d=\"M224.1 141c-63.6 0-114.9 51.3-114.9 114.9s51.3 114.9 114.9 114.9S339 319.5 339 255.9 287.7 141 224.1 141zm0 189.6c-41.1 0-74.7-33.5-74.7-74.7s33.5-74.7 74.7-74.7 74.7 33.5 74.7 74.7-33.6 74.7-74.7 74.7zm146.4-194.3c0 14.9-12 26.8-26.8 26.8-14.9 0-26.8-12-26.8-26.8s12-26.8 26.8-26.8 26.8 12 26.8 26.8zm76.1 27.2c-1.7-35.9-9.9-67.7-36.2-93.9-26.2-26.2-58-34.4-93.9-36.2-37-2.1-147.9-2.1-184.9 0-35.8 1.7-67.6 9.9-93.9 36.1s-34.4 58-36.2 93.9c-2.1 37-2.1 147.9 0 184.9 1.7 35.9 9.9 67.7 36.2 93.9s58 34.4 93.9 36.2c37 2.1 147.9 2.1 184.9 0 35.9-1.7 67.7-9.9 93.9-36.2 26.2-26.2 34.4-58 36.2-93.9 2.1-37 2.1-147.8 0-184.8zM398.8 388c-7.8 19.6-22.9 34.7-42.6 42.6-29.5 11.7-99.5 9-132.1 9s-102.7 2.6-132.1-9c-19.6-7.8-34.7-22.9-42.6-42.6-11.7-29.5-9-99.5-9-132.1s-2.6-102.7 9-132.1c7.8-19.6 22.9-34.7 42.6-42.6 29.5-11.7 99.5-9 132.1-9s102.7-2.6 132.1 9c19.6 7.8 34.7 22.9 42.6 42.6 11.7 29.5 9 99.5 9 132.1s2.7 102.7-9 132.1z\"><\/path>\r\n\t            <\/svg>            <\/a>\r\n\t                    <div class=\"sbi_hover_bottom\" style=\"color: rgba(255,255,255,1)\">\r\n\t                            <p>\r\n\t                                    <span class=\"sbi_date\">\r\n                        <svg  class=\"svg-inline--fa fa-clock fa-w-16\" aria-hidden=\"true\" data-fa-processed=\"\" data-prefix=\"far\" data-icon=\"clock\" role=\"presentation\" xmlns=\"http:\/\/www.w3.org\/2000\/svg\" viewBox=\"0 0 512 512\"><path fill=\"currentColor\" d=\"M256 8C119 8 8 119 8 256s111 248 248 248 248-111 248-248S393 8 256 8zm0 448c-110.5 0-200-89.5-200-200S145.5 56 256 56s200 89.5 200 200-89.5 200-200 200zm61.8-104.4l-84.9-61.7c-3.1-2.3-4.9-5.9-4.9-9.7V116c0-6.6 5.4-12 12-12h32c6.6 0 12 5.4 12 12v141.7l66.8 48.6c5.4 3.9 6.5 11.4 2.6 16.8L334.6 349c-3.9 5.3-11.4 6.5-16.8 2.6z\"><\/path><\/svg>                        Sep 26<\/span>\r\n\t                \r\n\t                                <\/p>\r\n\t                                        <\/div>\r\n            <a class=\"sbi_link_area nofancybox\" href=\"https:\/\/scontent-frt3-1.cdninstagram.com\/v\/t51.29350-15\/308427220_1237490197116007_8684483961522757946_n.webp?stp=dst-jpg&#038;_nc_cat=104&#038;ccb=1-7&#038;_nc_sid=8ae9d6&#038;_nc_ohc=wQZyu6ExE-gAX-hXHGm&#038;_nc_ht=scontent-frt3-1.cdninstagram.com&#038;edm=ANo9K5cEAAAA&#038;oh=00_AT-UsMJpOjEKMoa0DDFX_efBcDvyMxqQyEc37V69Z_9xBg&#038;oe=6353CE54\" rel=\"nofollow noopener\" data-lightbox-sbi=\"\" data-title=\"\ud83c\udf89 F\u00e9licitations \u00e0 notre grand gagnant du jeu de piste des Journ\u00e9es Europ\u00e9ennes du Patrimoine ! &lt;br&gt;\n\ud83d\ude4f Vous avez \u00e9t\u00e9 extr\u00eamement nombreux \u00e0 parcourir le jardin pour r\u00e9pondre aux diff\u00e9rentes \u00e9nigmes de ce jeu de piste virtuel, en esp\u00e9rant obtenir la meilleure note. Merci pour votre engouement ! &lt;br&gt;\n\ud83c\udf93 La moyenne de classe de ces #JEP2022 est de 19.5\/20. Vous avez fait honneur au Coll\u00e8ge !&lt;br&gt;\n\u27a1\ufe0f Tir\u00e9e au sort parmi les nombreux 20\/20, nous f\u00e9licitons la famille Dantec qui recevra prochainement son prix par voie postale. &lt;br&gt;\n&lt;br&gt;\nCr\u00e9dit photo : @picturesofpo&lt;br&gt;\n#jep2022 #jep #journeesdupatrimoine #journeeseuropeennesdupatrimoine #ministeredelaculture #culture #patrimoine #patrimoinefrancais #patrimoinevert #patrimoinedurable #patrimoinevivant #leperche #thirongardais #st\u00e9phanebern #stephanebern #loirevalley #chateauxdelaloire #VivreLaCulture #jeudepiste\" data-video=\"\" data-carousel=\"\" data-id=\"sbi_18036637357375749\" data-user=\"collegeroyal_thirongardais\" data-url=\"https:\/\/www.instagram.com\/p\/Ci9uddtKSWJ\/\" data-avatar=\"\" data-account-type=\"business\">\r\n                <span class=\"sbi-screenreader\">Open<\/span>\r\n\t\t\t\t            <\/a>\r\n        <\/div>\r\n\r\n        <a class=\"sbi_photo\" href=\"https:\/\/www.instagram.com\/p\/Ci9uddtKSWJ\/\" target=\"_blank\" rel=\"nofollow noopener\" data-full-res=\"https:\/\/scontent-frt3-1.cdninstagram.com\/v\/t51.29350-15\/308427220_1237490197116007_8684483961522757946_n.webp?stp=dst-jpg&#038;_nc_cat=104&#038;ccb=1-7&#038;_nc_sid=8ae9d6&#038;_nc_ohc=wQZyu6ExE-gAX-hXHGm&#038;_nc_ht=scontent-frt3-1.cdninstagram.com&#038;edm=ANo9K5cEAAAA&#038;oh=00_AT-UsMJpOjEKMoa0DDFX_efBcDvyMxqQyEc37V69Z_9xBg&#038;oe=6353CE54\" data-img-src-set=\"{&quot;d&quot;:&quot;https:\\\/\\\/scontent-frt3-1.cdninstagram.com\\\/v\\\/t51.29350-15\\\/308427220_1237490197116007_8684483961522757946_n.webp?stp=dst-jpg&amp;_nc_cat=104&amp;ccb=1-7&amp;_nc_sid=8ae9d6&amp;_nc_ohc=wQZyu6ExE-gAX-hXHGm&amp;_nc_ht=scontent-frt3-1.cdninstagram.com&amp;edm=ANo9K5cEAAAA&amp;oh=00_AT-UsMJpOjEKMoa0DDFX_efBcDvyMxqQyEc37V69Z_9xBg&amp;oe=6353CE54&quot;,&quot;150&quot;:&quot;https:\\\/\\\/scontent-frt3-1.cdninstagram.com\\\/v\\\/t51.29350-15\\\/308427220_1237490197116007_8684483961522757946_n.webp?stp=dst-jpg&amp;_nc_cat=104&amp;ccb=1-7&amp;_nc_sid=8ae9d6&amp;_nc_ohc=wQZyu6ExE-gAX-hXHGm&amp;_nc_ht=scontent-frt3-1.cdninstagram.com&amp;edm=ANo9K5cEAAAA&amp;oh=00_AT-UsMJpOjEKMoa0DDFX_efBcDvyMxqQyEc37V69Z_9xBg&amp;oe=6353CE54&quot;,&quot;320&quot;:&quot;https:\\\/\\\/scontent-frt3-1.cdninstagram.com\\\/v\\\/t51.29350-15\\\/308427220_1237490197116007_8684483961522757946_n.webp?stp=dst-jpg&amp;_nc_cat=104&amp;ccb=1-7&amp;_nc_sid=8ae9d6&amp;_nc_ohc=wQZyu6ExE-gAX-hXHGm&amp;_nc_ht=scontent-frt3-1.cdninstagram.com&amp;edm=ANo9K5cEAAAA&amp;oh=00_AT-UsMJpOjEKMoa0DDFX_efBcDvyMxqQyEc37V69Z_9xBg&amp;oe=6353CE54&quot;,&quot;640&quot;:&quot;https:\\\/\\\/scontent-frt3-1.cdninstagram.com\\\/v\\\/t51.29350-15\\\/308427220_1237490197116007_8684483961522757946_n.webp?stp=dst-jpg&amp;_nc_cat=104&amp;ccb=1-7&amp;_nc_sid=8ae9d6&amp;_nc_ohc=wQZyu6ExE-gAX-hXHGm&amp;_nc_ht=scontent-frt3-1.cdninstagram.com&amp;edm=ANo9K5cEAAAA&amp;oh=00_AT-UsMJpOjEKMoa0DDFX_efBcDvyMxqQyEc37V69Z_9xBg&amp;oe=6353CE54&quot;}\">\r\n            <img src=\"https:\/\/www.collegeroyal-thirongardais.com\/wp-content\/plugins\/instagram-feed-pro\/img\/placeholder.png\" alt=\"\ud83c\udf89 F\u00e9licitations \u00e0 notre grand gagnant du jeu de piste des Journ\u00e9es Europ\u00e9ennes du Patrimoine ! \n\ud83d\ude4f Vous avez \u00e9t\u00e9 extr\u00eamement nombreux \u00e0 parcourir le jardin pour r\u00e9pondre aux diff\u00e9rentes \u00e9nigmes de ce jeu de piste virtuel, en esp\u00e9rant obtenir la meilleure note. Merci pour votre engouement ! \n\ud83c\udf93 La moyenne de classe de ces #JEP2022 est de 19.5\/20. Vous avez fait honneur au Coll\u00e8ge !\n\u27a1\ufe0f Tir\u00e9e au sort parmi les nombreux 20\/20, nous f\u00e9licitons la famille Dantec qui recevra prochainement son prix par voie postale. \n\nCr\u00e9dit photo : @picturesofpo\n#jep2022 #jep #journeesdupatrimoine #journeeseuropeennesdupatrimoine #ministeredelaculture #culture #patrimoine #patrimoinefrancais #patrimoinevert #patrimoinedurable #patrimoinevivant #leperche #thirongardais #st\u00e9phanebern #stephanebern #loirevalley #chateauxdelaloire #VivreLaCulture #jeudepiste\">\r\n        <\/a>\r\n    <\/div>\r\n\r\n    <div class=\"sbi_info\">\r\n        \r\n                <p class=\"sbi_caption_wrap\">\r\n            <span class=\"username-cst\">collegeroyal_thirongardais<\/span>\r\n            <span class=\"sbi_caption\">\ud83c\udf89 F\u00e9licitations \u00e0 notre grand gagnant du jeu de piste des Journ\u00e9es Europ\u00e9ennes du Patrimoine ! <br>\n\ud83d\ude4f Vous avez \u00e9t\u00e9 extr\u00eamement nombreux \u00e0 parcourir le jardin pour r\u00e9pondre aux diff\u00e9rentes \u00e9nigmes de ce jeu de piste virtuel, en esp\u00e9rant obtenir la meilleure note. Merci pour votre engouement ! <br>\n\ud83c\udf93 La moyenne de classe de ces #JEP2022 est de 19.5\/20. Vous avez fait honneur au Coll\u00e8ge !<br>\n\u27a1\ufe0f Tir\u00e9e au sort parmi les nombreux 20\/20, nous f\u00e9licitons la famille Dantec qui recevra prochainement son prix par voie postale. <br>\n<br>\nCr\u00e9dit photo : @picturesofpo<br>\n#jep2022 #jep #journeesdupatrimoine #journeeseuropeennesdupatrimoine #ministeredelaculture #culture #patrimoine #patrimoinefrancais #patrimoinevert #patrimoinedurable #patrimoinevivant #leperche #thirongardais #st\u00e9phanebern #stephanebern #loirevalley #chateauxdelaloire #VivreLaCulture #jeudepiste<\/span><span class=\"sbi_expand\"> <a href=\"#\"><span class=\"sbi_more\">&#8230;<\/span><\/a><\/span>\r\n        <\/p>\r\n        \r\n        <p class=\"foot-date\">\r\n            <span class=\"dt\">Sep 26<\/span>\r\n            <!-- <span>0<\/span> -->\r\n        <\/p>\r\n\r\n\r\n\t    \r\n    <\/div>\r\n\r\n<\/div>    <\/div>\r\n\r\n\t<div id=\"sbi_load\">\r\n\r\n\t\r\n\t\r\n<\/div>\r\n\t    <span class=\"sbi_resized_image_data\" data-feed-id=\"sbi_17841404207411175#3\" data-resized=\"{&quot;18036637357375749&quot;:{&quot;id&quot;:&quot;308427220_1237490197116007_8684483961522757946_n.webp&quot;,&quot;ratio&quot;:&quot;1.00&quot;,&quot;sizes&quot;:{&quot;full&quot;:640,&quot;low&quot;:320,&quot;thumb&quot;:150}},&quot;17964165796915271&quot;:{&quot;id&quot;:&quot;308676608_127152599914247_7859855016014248665_n.webp&quot;,&quot;ratio&quot;:&quot;1.00&quot;,&quot;sizes&quot;:{&quot;full&quot;:640,&quot;low&quot;:320,&quot;thumb&quot;:150}},&quot;17939800649227361&quot;:{&quot;id&quot;:&quot;309049888_5328203507275380_7616453081700585835_n&quot;,&quot;ratio&quot;:&quot;0.56&quot;,&quot;sizes&quot;:{&quot;full&quot;:640,&quot;low&quot;:320,&quot;thumb&quot;:150}}}\">\r\n\t<\/span>\r\n\t        <div id=\"sbi_mod_error\">\r\n            <span>This error message is only visible to WordPress admins<\/span><br \/>\r\n        <div><strong>There has been a problem with your Instagram Feed.<\/strong><\/div>        <\/div>\r\n        \r\n<\/div>\r\n\r\n    <\/div>\n    \n\n    \n  <\/div>\n\n<\/section><div style=\"height:50px\" aria-hidden=\"true\" class=\"wp-block-spacer\"><\/div><section id=\"logos-block_6130759b0e916\" class=\"logos relative w-full\" >\n\n  <div class=\"container p-0 m-auto\">\n  \n          <div class=\"py-3 text-center md:pb-8 lg:pb-12 text-18px lg:text-28px font-heading\" data-aos=\"fade-up\" data-aos-anchor-placement=\"top-bottom\" data-aos-duration=\"1500\">\n        <p style=\"text-align: center;\">They are talking about us<\/p>\n        <hr class=\"w-8 m-auto my-2 lg:my-4 border-dark\">\n      <\/div>\n    \n          <div class=\"flex flex-wrap items-center justify-center mb-8\" data-aos=\"fade-up\" data-aos-anchor-placement=\"top-bottom\" data-aos-duration=\"1500\">\n                  \n                      <div class=\"w-full relative mb-6 mt-10 sm:w-1\/3 md:mt-4 lg:mt-0 lg:mb-10 lg:py-4 lg:px-24 has-tooltip\" > \n              <div class=\"w-full \">\n                <img src=\"https:\/\/www.collegeroyal-thirongardais.com\/wp-content\/uploads\/2021\/09\/france2.png\" alt=\"\" class=\"w-2\/5 m-auto transition-all lg:w-2\/3 filter logos \">\n                \n                                <div class=\"w-full p-4 -mt-1 text-center bg-white border-2 border-gray-200 rounded shadow-lg tooltip\">\n                  <div class=\"flex flex-col\">  \n                    <div class=\"font-bold leading-loose text-gray-400 uppercase text-12px lg:text-16px tracking-1\">articles<\/div>\n                    <a class=\"pb-4 underline text-primary text-12px lg:text-16px\" href=\"https:\/\/www.youtube.com\/watch?v=pLoTt8-KOPw\" target=\"_blank\">St\u00e9phane Bern fait restaurer le Coll\u00e8ge royal et militaire de Thiron-Gardais<\/a>\n                  <\/div>\n                <\/div>\n                              <\/div>\n              \n            <\/div>\n                    \n                  \n                      <div class=\"w-full relative mb-6 mt-10 sm:w-1\/3 md:mt-4 lg:mt-0 lg:mb-10 lg:py-4 lg:px-24 has-tooltip\" > \n              <div class=\"w-full \">\n                <img src=\"https:\/\/www.collegeroyal-thirongardais.com\/wp-content\/uploads\/2021\/09\/paris-match.png\" alt=\"\" class=\"w-2\/5 m-auto transition-all lg:w-2\/3 filter logos \">\n                \n                                <div class=\"w-full p-4 -mt-1 text-center bg-white border-2 border-gray-200 rounded shadow-lg tooltip\">\n                  <div class=\"flex flex-col\">  \n                    <div class=\"font-bold leading-loose text-gray-400 uppercase text-12px lg:text-16px tracking-1\">articles<\/div>\n                    <a class=\"pb-4 underline text-primary text-12px lg:text-16px\" href=\"https:\/\/www.parismatch.com\/People\/Stephane-Bern-Son-coup-de-foudre-pour-le-College-Royal-809845\" target=\"_blank\">St\u00e9phane Bern : son coup de foudre pour le Coll\u00e8ge royal et militaire de Thiron-Gardais<\/a>\n                  <\/div>\n                <\/div>\n                              <\/div>\n              \n            <\/div>\n                    \n                  \n                      <div class=\"w-full relative mb-6 mt-10 sm:w-1\/3 md:mt-4 lg:mt-0 lg:mb-10 lg:py-4 lg:px-24 has-tooltip\" > \n              <div class=\"w-full \">\n                <img src=\"https:\/\/www.collegeroyal-thirongardais.com\/wp-content\/uploads\/2021\/09\/France3.png\" alt=\"\" class=\"w-2\/5 m-auto transition-all lg:w-2\/3 filter logos \">\n                \n                                <div class=\"w-full p-4 -mt-1 text-center bg-white border-2 border-gray-200 rounded shadow-lg tooltip\">\n                  <div class=\"flex flex-col\">  \n                    <div class=\"font-bold leading-loose text-gray-400 uppercase text-12px lg:text-16px tracking-1\">articles<\/div>\n                    <a class=\"pb-4 underline text-primary text-12px lg:text-16px\" href=\"https:\/\/france3-regions.francetvinfo.fr\/centre-val-de-loire\/emissions\/fourmis-jambes\" target=\"_blank\">Des fourmis dans les jambes : le Coll\u00e8ge royal et militaire de Thiron-Gardais (06\/06\/2021)<\/a>\n                  <\/div>\n                <\/div>\n                              <\/div>\n              \n            <\/div>\n                    \n                  \n                      <div class=\"w-full relative mb-6 mt-10 sm:w-1\/3 md:mt-4 lg:mt-0 lg:mb-10 lg:py-4 lg:px-24 has-tooltip\" > \n              <div class=\"w-full \">\n                <img src=\"https:\/\/www.collegeroyal-thirongardais.com\/wp-content\/uploads\/2021\/09\/lecho.png\" alt=\"\" class=\"w-2\/5 m-auto transition-all lg:w-2\/3 filter logos \">\n                \n                                <div class=\"w-full p-4 -mt-1 text-center bg-white border-2 border-gray-200 rounded shadow-lg tooltip\">\n                  <div class=\"flex flex-col\">  \n                    <div class=\"font-bold leading-loose text-gray-400 uppercase text-12px lg:text-16px tracking-1\">articles<\/div>\n                    <a class=\"pb-4 underline text-primary text-12px lg:text-16px\" href=\"https:\/\/www.lechorepublicain.fr\/thiron-gardais-28480\/actualites\/une-derniere-soiree-contee-feerique_13998726\/\" target=\"_blank\">Une derni\u00e8re soir\u00e9e cont\u00e9e f\u00e9\u00e9rique<\/a>\n                  <\/div>\n                <\/div>\n                              <\/div>\n              \n            <\/div>\n                    \n                  \n                      <div class=\"w-full relative mb-6 mt-10 sm:w-1\/3 md:mt-4 lg:mt-0 lg:mb-10 lg:py-4 lg:px-24 has-tooltip\" > \n              <div class=\"w-full \">\n                <img src=\"https:\/\/www.collegeroyal-thirongardais.com\/wp-content\/uploads\/2021\/09\/figaro.png\" alt=\"\" class=\"w-2\/5 m-auto transition-all lg:w-2\/3 filter logos \">\n                \n                                <div class=\"w-full p-4 -mt-1 text-center bg-white border-2 border-gray-200 rounded shadow-lg tooltip\">\n                  <div class=\"flex flex-col\">  \n                    <div class=\"font-bold leading-loose text-gray-400 uppercase text-12px lg:text-16px tracking-1\">articles<\/div>\n                    <a class=\"pb-4 underline text-primary text-12px lg:text-16px\" href=\"https:\/\/www.lefigaro.fr\/arts-expositions\/2018\/06\/24\/03015-20180624ARTFIG00071-la-chronique-d-adrien-goetz-cet-ete-thiron-gardais-est-de-garde.php\" target=\"_blank\">Cet \u00e9t\u00e9, Thiron-Gardais est de garde<\/a>\n                  <\/div>\n                <\/div>\n                              <\/div>\n              \n            <\/div>\n                    \n              <\/div>\n    \n  <\/div>\n\n<\/section>","protected":false},"excerpt":{"rendered":"","protected":false},"author":1,"featured_media":0,"parent":0,"menu_order":0,"comment_status":"closed","ping_status":"closed","template":"","meta":[],"acf":[],"_links":{"self":[{"href":"https:\/\/www.collegeroyal-thirongardais.com\/en\/wp-json\/wp\/v2\/pages\/319"}],"collection":[{"href":"https:\/\/www.collegeroyal-thirongardais.com\/en\/wp-json\/wp\/v2\/pages"}],"about":[{"href":"https:\/\/www.collegeroyal-thirongardais.com\/en\/wp-json\/wp\/v2\/types\/page"}],"author":[{"embeddable":true,"href":"https:\/\/www.collegeroyal-thirongardais.com\/en\/wp-json\/wp\/v2\/users\/1"}],"replies":[{"embeddable":true,"href":"https:\/\/www.collegeroyal-thirongardais.com\/en\/wp-json\/wp\/v2\/comments?post=319"}],"version-history":[{"count":8,"href":"https:\/\/www.collegeroyal-thirongardais.com\/en\/wp-json\/wp\/v2\/pages\/319\/revisions"}],"predecessor-version":[{"id":1514,"href":"https:\/\/www.collegeroyal-thirongardais.com\/en\/wp-json\/wp\/v2\/pages\/319\/revisions\/1514"}],"wp:attachment":[{"href":"https:\/\/www.collegeroyal-thirongardais.com\/en\/wp-json\/wp\/v2\/media?parent=319"}],"curies":[{"name":"wp","href":"https:\/\/api.w.org\/{rel}","templated":true}]}}